{"id":5570,"date":"2019-03-01T12:41:17","date_gmt":"2019-03-01T12:41:17","guid":{"rendered":"https:\/\/www.operalapira.it\/?page_id=5570"},"modified":"2025-07-01T12:22:46","modified_gmt":"2025-07-01T10:22:46","slug":"contributi-pubblici-2","status":"publish","type":"page","link":"https:\/\/operalapira.it\/?page_id=5570","title":{"rendered":"Contributi pubblici"},"content":{"rendered":"<h2 style=\"font-weight: 400;\"><strong>Contributi pubblici e dichiarazione ex art.\u00a014 comma 2 del CTS<\/strong><\/h2>\n<p>&nbsp;<\/p>\n<div class=\"elementToProof\"><strong>Stato Italiano:<\/strong> Ricevuti \u20ac 20.158,76\u00a0 in\u00a0 data 27\/12\/2024\u00a0 5X1000 relativo all\u2019anno 2023<\/div>\n<div class=\"elementToProof\"><\/div>\n<div class=\"elementToProof\"><strong><br \/>\nRegione Toscana:<\/strong> Ricevuti \u20ac 14.324,01\u00a0 in\u00a0 data 29\/08\/2024 Contributo in ambito sociale per soggiorni residenziali estivi per bambini e ragazzi di et\u00e0 inferiore a 18 anni (relativo all\u2019anno 2024).<\/div>\n<div><\/div>\n<div>\n<hr \/>\n<\/div>\n<p><strong>Stato Italiano:<\/strong> Ricevuti \u20ac 17.253,91 in data 12\/12\/2023 5X1000 relativo all\u2019anno 2022<\/p>\n<p><strong>Ministero degli Esteri:<\/strong> Ricevuti \u20ac 7.000,00 in data 18\/12\/2023 Contributo per scambi giovanili 2023 Maeci<\/p>\n<p><strong>Regione Toscana:<\/strong> Ricevuti \u20ac 20.745,78 in data 11\/10\/2023 Contributo in ambito sociale per soggiorni residenziali estivi per bambini e ragazzi di et\u00e0 inferiore a 18 anni (relativo all\u2019anno 2023).<br \/>\nRicevuti \u20ac 17.401,36 in data 15\/11\/2023 Contributo per spese sostenute per accoglienza profughi Ucraini.<\/p>\n<p>&nbsp;<\/p>\n<p><em>Non sono stati erogati n\u00e8 corrisposti nel 2023 compensi, emolumenti o corrispettivi a qualsiasi titolo ad alcun membro degli organi sociali n\u00e8 a dirigenti n\u00e8 ad associati.<\/em><\/p>\n<hr \/>\n<p style=\"font-weight: 400;\"><strong>Stato Italiano: <\/strong>Ricevuti \u20ac 17.071,52 in data 16\/12\/2022 5X1000 relativo all\u2019anno 2021<\/p>\n<p style=\"font-weight: 400;\"><strong>Regione Toscana: <\/strong>Ricevuti <span data-sheets-value=\"{&quot;1&quot;:3,&quot;3&quot;:19912.5}\" data-sheets-formula=\"=SOMMA(R[-4]C[0]:R[-1]C[0])\">\u20ac19.912,50<\/span> in data 21\/10\/2022, 27\/10\/2022, 31\/10\/2022 e 04\/11\/2022 Contributo in ambito sociale per soggiorni residenziali estivi per bambini e ragazzi di et\u00e0 inferiore a 18 anni (relativo all\u2019anno 2022).<\/p>\n<p>&nbsp;<\/p>\n<p><em>Non sono stati erogati n\u00e8 corrisposti nel 2022 compensi, emolumenti o corrispettivi a qualsiasi titolo ad alcun membro degli organi sociali n\u00e8 a dirigenti n\u00e8 ad associati.<\/em><\/p>\n<hr \/>\n<p style=\"font-weight: 400;\"><strong>Stato Italiano: <\/strong>Ricevuti \u20ac 16.373,19 in data 29\/10\/2021 5X1000 relativo all\u2019anno 2020<\/p>\n<p style=\"font-weight: 400;\"><strong>Regione Toscana:<\/strong> Ricevuti \u20ac 14.900,00 in data 13\/10\/2021 Contributo in ambito sociale per soggiorni residenziali estivi per bambini e ragazzi di et\u00e0 inferiore a 18 anni (relativo all\u2019anno 2021).<\/p>\n<hr \/>\n<p><strong>Stato Italiano: <\/strong>Ricevuti \u20ac 18.043,17 in data 30\/07\/2020 5X1000 relativo all\u2019anno 2018<\/p>\n<p><strong>Stato Italiano: <\/strong>Ricevuti \u20ac 18.514,68 in data 06\/10\/2020 5X1000 relativo all\u2019anno 2019<\/p>\n<p><strong>Regione Toscana: <\/strong>Ricevuti \u20ac 2.268,06 in data 16\/04\/2020 Contributo in ambito sociale per soggiorni residenziali estivi per bambini e ragazzi di et\u00e0 inferiore a 18 anni (relativo all\u2019anno 2019).<\/p>\n<p><strong>Regione Toscana:<\/strong> Ricevuti \u20ac 3.000,00 in data 07\/07\/2020 Acconto Contributo \u2013 Bando Giovani al Centro.<\/p>\n<p><strong>Regione Toscana: <\/strong>Ricevuti \u20ac 25.100,00 in data 05\/10\/2020 Contributo in ambito sociale per soggiorni residenziali estivi per bambini e ragazzi di et\u00e0 inferiore a 18 anni (relativo all\u2019anno 2020).<\/p>\n<p><strong>Regione Toscana: <\/strong>Ricevuti \u20ac 5.076,60 in data 03\/11\/2020 Contributo in ambito sociale per soggiorni residenziali estivi per bambini e ragazzi di et\u00e0 inferiore a 18 anni (relativo all\u2019anno 2019).<\/p>\n<hr \/>\n<p><strong>Stato italiano<\/strong>:\u00a0ricevuti\u00a0\u20ac 18.810,19 il 7\/08\/2019, 5 x 1000 relativo all\u2019anno 2017;<\/p>\n<p><strong>Ministero degli esteri:<\/strong>\u00a0ricevuti \u20ac 18.000,00 il 05\/11\/2019 per il progetto scambi giovanili 2018\/2019;<\/p>\n<p><strong>Regione Toscana<\/strong>: ricevuti \u20ac 1362.34 il 06\/03\/2019<b>\u00a0<\/b>Contributo in ambito sociale per soggiorni residenziali estivi per bambini e ragazzi di et\u00e0 inferiore a 18 anni (relativo all\u2019anno 2018).<\/p>\n<hr \/>\n<p><strong>Stato italiano:<\/strong>\u00a0ricevuto \u20ac18623.37 in data 16\/08\/2018 5 x 1000 relativo all\u2019anno 2016;<\/p>\n<p><strong>Regione toscana:<\/strong>\u00a007\/06\/2018, \u20ac 15105,00 Contributo in ambito sociale per soggiorni residenziali estivi per bambini e ragazzi di et\u00e0 inferiore a 18 anni (relativo all\u2019anno 2017);<\/p>\n<p><strong>Regione toscana:<\/strong>\u00a028\/12\/2018, \u20ac 10410,67, Contributo in ambito sociale per soggiorni residenziali estivi per bambini e ragazzi di et\u00e0 inferiore a 18 anni (relativo all\u2019anno 2018).<\/p>\n<p style=\"font-weight: 400;\">\n","protected":false},"excerpt":{"rendered":"<p>Contributi pubblici e dichiarazione ex art.\u00a014 comma 2 del CTS &nbsp; Stato Italiano: Ricevuti \u20ac 20.158,76\u00a0 in\u00a0 data 27\/12\/2024\u00a0 5X1000 relativo all\u2019anno 2023 Regione Toscana: Ricevuti \u20ac 14.324,01\u00a0 in\u00a0 data 29\/08\/2024 Contributo in ambito sociale per soggiorni residenziali estivi per bambini e ragazzi di et\u00e0 inferiore a 18 anni (relativo all\u2019anno 2024). Stato Italiano: Ricevuti [&hellip;]<\/p>\n","protected":false},"author":2,"featured_media":0,"parent":0,"menu_order":0,"comment_status":"closed","ping_status":"closed","template":"","meta":{"footnotes":""},"class_list":["post-5570","page","type-page","status-publish","hentry"],"_links":{"self":[{"href":"https:\/\/operalapira.it\/index.php?rest_route=\/wp\/v2\/pages\/5570","targetHints":{"allow":["GET"]}}],"collection":[{"href":"https:\/\/operalapira.it\/index.php?rest_route=\/wp\/v2\/pages"}],"about":[{"href":"https:\/\/operalapira.it\/index.php?rest_route=\/wp\/v2\/types\/page"}],"author":[{"embeddable":true,"href":"https:\/\/operalapira.it\/index.php?rest_route=\/wp\/v2\/users\/2"}],"replies":[{"embeddable":true,"href":"https:\/\/operalapira.it\/index.php?rest_route=%2Fwp%2Fv2%2Fcomments&post=5570"}],"version-history":[{"count":11,"href":"https:\/\/operalapira.it\/index.php?rest_route=\/wp\/v2\/pages\/5570\/revisions"}],"predecessor-version":[{"id":6665,"href":"https:\/\/operalapira.it\/index.php?rest_route=\/wp\/v2\/pages\/5570\/revisions\/6665"}],"wp:attachment":[{"href":"https:\/\/operalapira.it\/index.php?rest_route=%2Fwp%2Fv2%2Fmedia&parent=5570"}],"curies":[{"name":"wp","href":"https:\/\/api.w.org\/{rel}","templated":true}]}}